{"id":427,"date":"2015-01-02T10:34:55","date_gmt":"2015-01-02T09:34:55","guid":{"rendered":"http:\/\/cuidsalud.com\/proyecto\/cuidadoras-y-cuidados-informales-y-familiares-2\/"},"modified":"2020-03-02T09:20:14","modified_gmt":"2020-03-02T08:20:14","slug":"family-care","status":"publish","type":"portfolio","link":"https:\/\/cuidsalud.com\/en\/portfolio\/family-care\/","title":{"rendered":"Non-formal and family care"},"content":{"rendered":"<p style=\"text-align: center;\"><span style=\"color: #ff0000;\">2018<\/span><\/p>\n<p style=\"text-align: left;\">\u00a0Del Pino Casado R, Fr\u00edas Osuna A, Palomino Moral PA, Ruzafa Mart\u00ednez M, Ramos Morcillo AJ. Social support and subjective burden in caregivers of adults and older adults: A meta-analysis. PLoS One. 2018;13(1):e0189874.<\/p>\n<p>Disponible en: <a href=\"https:\/\/doi.org\/10.1371\/journal.pone.0189874\" target=\"_blank\" rel=\"noopener noreferrer\">Texto completo\u00a0<\/a><\/p>\n<p>Moral Fern\u00e1ndez L, Fr\u00edas Osuna A, Moreno C\u00e1mara S, Palomino Moral PA, del Pino Casado R. Primeros momentos del cuidado: el proceso de convertirse en cuidador de un familiar mayor dependiente [The first moments of the carer: The process of becoming a caregiver of a dependent elderly relative]. Aten Primaria. 2018;50:282-90<\/p>\n<p>Disponible en: <a href=\"http:\/\/dx.doi.org\/10.1016\/j.aprim.2017.05.008\" target=\"_blank\" rel=\"noopener noreferrer\">Texto completo\u00a0<\/a><\/p>\n<p style=\"text-align: center;\"><span style=\"color: #ff0000;\">2017<\/span><\/p>\n<p>L\u00f3pez- Mart\u00ednez C, Fr\u00edas-Osuna A, del-Pino-Casado R. Sentido de coherencia y sobrecarga subjetiva, ansiedad y depresi\u00f3n en personas cuidadoras de familiares mayores [Sense of coherence and subjective overload, anxiety and depression in caregivers of elderly relatives]. Gac Sanit. In press 2017.<\/p>\n<p>Disponible en: <a href=\"https:\/\/doi.org\/10.1016\/j.gaceta.2017.09.005\" target=\"_blank\" rel=\"noopener noreferrer\">Texto completo\u00a0<\/a><\/p>\n<p>Del Pino Casado R, Palomino Moral PA, Pastor Bravo MM, Fr\u00edas Osuna A. Determinants of depression in primary caregivers of disabled older relatives: a path analysis. BMC geriatrics. 2017;17(1):274.<\/p>\n<p>Disponible en: <a href=\"https:\/\/doi.org\/10.1186\/s12877-017-0667-1\" target=\"_blank\" rel=\"noopener noreferrer\">Texto completo\u00a0<\/a><\/p>\n<p>P\u00e9rez Cruz M, Mu\u00f1oz Mart\u00ednez MA, Parra Anguita L, Del Pino Casado R. Afrontamiento y carga subjetiva en cuidadores primarios de adultos mayores dependientes de Andaluc\u00eda, Espa\u00f1a [Coping and subjective burden in primary caregivers of dependent elderly relatives in Andalusia, Spain]. Aten Primaria. 2017; 49(7): 381-88.<\/p>\n<p>Disponible en: <a href=\"https:\/\/doi.org\/10.1016\/j.aprim.2016.09.012\" target=\"_blank\" rel=\"noopener noreferrer\">Texto completo\u00a0<\/a><\/p>\n<p>Del Pino Casado R, del Mar Pastor Bravo M, Palomino Moral PA., Fr\u00edas Osuna A. Gender differences in primary home caregivers of older relatives in a Mediterranean environment: A cross-sectional study. Archives of Gerontology and Geriatrics. 2017;69:128-133.<\/p>\n<p>Disponible en: <a href=\"http:\/\/dx.doi.org\/10.1016\/j.archger.2016.11.012\" target=\"_blank\" rel=\"noopener noreferrer\">Texto completo\u00a0<\/a><\/p>\n<p>Rodriguez Perez M, Abreu Sanchez A, Rojas Ocana MJ, Del Pino Casado R. Coping strategies and quality of life in caregivers of dependent elderly relatives. Health Qual Life Outcomes. 2017. Apr 14; 15(1):71.<\/p>\n<p>Disponible en: <a href=\"https:\/\/doi.org\/10.1186\/s12955-017-0634-8\" target=\"_blank\" rel=\"noopener noreferrer\">Texto completo\u00a0<\/a><\/p>\n<p style=\"text-align: center;\"><span style=\"color: #ff0000;\">2016<\/span><\/p>\n<p>Arboledas-Bellon, Josefa; Pancorbo-Hidalgo, Pedro Luis . Cuestionario de conocimientos de cuidadores familiares sobre la prevenci\u00f3n de \u00falceras por presi\u00f3n y lesiones cut\u00e1neas relacionadas con la dependencia: desarrollo y validaci\u00f3n. 2016. 27 (2): 73-79. Disponible en: scielo.isciii.es\/pdf\/geroko\/v27n2\/08_helcos_07.pdf<\/p>\n<p>Moreno-C\u00e1mara S, Moral-Fern\u00e1ndez L, Palomino-Moral PA, Fr\u00edas-Osuna A, Del Pino-Casado R. Problemas en el proceso de adaptaci\u00f3n a los cambios en personas cuidadoras familiares de mayores con demencia. [Problems in the process of adapting to change among the family caregivers of elderly people with dementia]. Gaceta sanitaria. 2016. 30(3):201\u2013207.<\/p>\n<p>Enlace a resumen \/ texto completo:\u00a0<a href=\"http:\/\/gacetasanitaria.org\/index.php?p=watermark&amp;idApp=WGSE&amp;piiItem=S0213911116000224&amp;origen=gacetasanitaria&amp;web=gacetasanitaria&amp;urlApp=http:\/\/www.gacetasanitaria.org&amp;estadoItem=S300&amp;idiomaItem=es\">http:\/\/gacetasanitaria.org\/index.php?p=watermark&amp;idApp=WGSE&amp;piiItem=S0213911116000224&amp;origen=gacetasanitaria&amp;web=gacetasanitaria&amp;urlApp=http:\/\/www.gacetasanitaria.org&amp;estadoItem=S300&amp;idiomaItem=es<\/a><\/p>\n<p>P\u00e9rez-Ord\u00f3\u00f1ez F, Fr\u00edas-Osuna A, Romero-Rodr\u00edguez Y, Del Pino-Casado R. Coping strategies and anxiety in caregivers of palliative cancer patients. European Journal Of Cancer Care (English Ed. Online). 2016.<\/p>\n<p>Enlace a resumen \/ texto completo:\u00a0<a href=\"http:\/\/www.ncbi.nlm.nih.gov\/pubmed\/27099167\">http:\/\/www.ncbi.nlm.nih.gov\/pubmed\/27099167<\/a><\/p>\n<p style=\"text-align: center;\"><span style=\"color: #ff0000;\">2015<\/span><\/p>\n<p>Del Pino-Casado R, Ord\u00f3\u00f1ez-Urbano MC. Efectos de la satisfacci\u00f3n con el tiempo de ocio en personas cuidadoras de familiares mayores dependientes. [Effects of satisfaction with leisure time in family carers of elderly dependents]. Atenci\u00f3n Primaria. 2015.<\/p>\n<p>Enlace a resumen \/ texto completo:\u00a0<a href=\"http:\/\/www.elsevier.es\/es-revista-atencion-primaria-27-articulo-efectos-satisfaccion-con-el-tiempo-90453013\">http:\/\/www.elsevier.es\/es-revista-atencion-primaria-27-articulo-efectos-satisfaccion-con-el-tiempo-90453013<\/a><\/p>\n<p>Del Pino-Casado R. Dise\u00f1o y validaci\u00f3n de una escala para la medici\u00f3n de la dedicaci\u00f3n al cuidado en personas cuidadoras de mayores dependientes. [Desing and validation of a scale to measure caregiving dedication in caregivers of dependent older people]. (DeCuida). Atenci\u00f3n Primaria. 2015. 47 (9): 589-595.<\/p>\n<p>Enlace a resumen \/ texto completo:\u00a0<a href=\"http:\/\/apps.elsevier.es\/watermark\/ctl_servlet?_f=10&amp;pident_articulo=90443460&amp;pident_usuario=0&amp;pcontactid=&amp;pident_revista=27&amp;ty=21&amp;accion=L&amp;origen=zonadelectura&amp;web=www.elsevier.es&amp;lan=es&amp;fichero=27v47n09a90443460pdf001.pdf\">http:\/\/apps.elsevier.es\/watermark\/ctl_servlet?_f=10&amp;pident_articulo=90443460&amp;pident_usuario=0&amp;pcontactid=&amp;pident_revista=27&amp;ty=21&amp;accion=L&amp;origen=zonadelectura&amp;web=www.elsevier.es&amp;lan=es&amp;fichero=27v47n09a90443460pdf001.pdf<\/a><\/p>\n<p>Del Pino-Casado R, Palomino-Moral PA, Fr\u00edas-Osuna A. The association of satisfaction and perceived burden with anxiety and depression in primary caregivers of dependent elderly relatives. Research in Nursing and Health. 2015. 1 (28): 384-391.<\/p>\n<p>Enlace a resumen \/ texto completo:\u00a0<a href=\"http:\/\/www.ncbi.nlm.nih.gov\/pubmed\/26132463\">http:\/\/www.ncbi.nlm.nih.gov\/pubmed\/26132463<\/a><\/p>\n<p style=\"text-align: center;\"><span style=\"color: #ff0000;\">2014<\/span><\/p>\n<p>del\u2010Pino\u2010Casado R, Mill\u00e1n\u2010Cobo MD, Palomino\u2010Moral PA, Fr\u00edas\u2010Osuna A. Cultural Correlates of Burden in Primary Caregivers of Older Relatives: A Cross\u2010sectional Study. Journal of Nursing Scholarship.2014; 46(3): 176-186.<br \/>\nEnlace a resumen\/texto completo:<br \/>\n<a href=\"http:\/\/onlinelibrary.wiley.com\/doi\/10.1111\/jnu.12070\/full\" target=\"_blank\" rel=\"noopener noreferrer\">http:\/\/onlinelibrary.wiley.com\/doi\/10.1111\/jnu.12070\/full<\/a><\/p>\n<p>del-Pino-Casado R, P\u00e9rez-Cruz M, Fr\u00edas-Osuna A Coping, subjective burden and anxiety among family caregivers of older dependents. Journal of Clinical Nursing. 2014; 3335-3344. DOI: 10.1111\/jocn.12561.<br \/>\nEnlace a resumen\/texto completo:<br \/>\n<a href=\"http:\/\/onlinelibrary.wiley.com\/doi\/10.1111\/jocn.12561\/pdf\" target=\"_blank\" rel=\"noopener noreferrer\">http:\/\/onlinelibrary.wiley.com\/doi\/10.1111\/jocn.12561\/pdf<\/a><\/p>\n<p>Garc\u00eda-Fern\u00e1ndez FP, Arrabal Orpez, MJ, Rodr\u00edguez Torres MC, Gila Selas C, Carrascosa Garc\u00eda I, Laguna Parras JM. Influencia de las enfermeras gestoras de casos en la calidad de vida de las cuidadoras de pacientes pluripatol\u00f3gicos. [Influence of nurses case managers in the quality of life of caregivers of patients with complex chronic diseases] Gerokomos.2014; 25(2): 68-71.<br \/>\nEnlace a resumen\/texto completo:<br \/>\n<a href=\"http:\/\/scielo.isciii.es\/scielo.php?pid=S1134-928X2014000200004&amp;script=sci_arttext&amp;tlng=en\" target=\"_blank\" rel=\"noopener noreferrer\">http:\/\/scielo.isciii.es\/scielo.php?pid=S1134-928X2014000200004&amp;script=sci_arttext&amp;tlng=en<\/a><\/p>\n<p>Garc\u00eda\u2010Fern\u00e1ndez FP, Arrabal\u2010Orpez, MJ, Rodr\u00edguez\u2010Torres MC, Gila\u2010Selas C, Carrascosa\u2010Garc\u00eda I, Laguna\u2010Parras JM. Effect of hospital case\u2010manager nurses on the level of dependence, satisfaction and caregiver burden in patients with complex chronic disease. Journal of clinical nursing.2014; 23 (19-20):\u00a02814\u20132821.<br \/>\nEnlace a resumen\/texto completo:<br \/>\n<a href=\"http:\/\/onlinelibrary.wiley.com\/doi\/10.1111\/jocn.12543\/abstract\" target=\"_blank\" rel=\"noopener noreferrer\">http:\/\/onlinelibrary.wiley.com\/doi\/10.1111\/jocn.12543\/abstract<\/a><\/p>\n<p style=\"text-align: center;\"><span style=\"color: #ff0000;\">2012<\/span><\/p>\n<p>Villar-D\u00e1vila R, Pancorbo-Hidalgo PL, Jim\u00e9nez-D\u00edaz MC, Cruz-Lend\u00ednez AJ, Garc\u00eda-Ramiro PA. Qu\u00e9 hace el cuidador familiar en el hospital. C\u00f3mo se ve a s\u00ed mismo y c\u00f3mo lo ven los profesionales. [The role of the family caregivers in the hospital. Their self-concept and how they are seen by health professionals] Gerokomos. 2012; 23(1): 7-14.<br \/>\nEnlace a resumen\/texto completo:<br \/>\n<a href=\"http:\/\/scielo.isciii.es\/scielo.php?pid=S1134-928X2012000100002&amp;script=sci_arttext\" target=\"_blank\" rel=\"noopener noreferrer\">http:\/\/scielo.isciii.es\/scielo.php?pid=S1134-928X2012000100002&amp;script=sci_arttext<\/a><\/p>\n<p>Del Pino-Casado R, Fr\u00edas-Osuna A, Palomino-Moral P\u00c1, Mart\u00ednez-Riera JR. Gender differences regarding informal caregivers of older people. J Nurs Scholarsh. 2012; 44(4): 349-357.<br \/>\nEnlace a resumen\/texto completo:<br \/>\n<a href=\"http:\/\/onlinelibrary.wiley.com\/doi\/10.1111\/j.1547-5069.2012.01477.x\/pdf\" target=\"_blank\" rel=\"noopener noreferrer\">http:\/\/onlinelibrary.wiley.com\/doi\/10.1111\/j.1547-5069.2012.01477.x\/pdf<\/a><\/p>\n<p style=\"text-align: center;\"><span style=\"color: #ff0000;\">2011<\/span><\/p>\n<p>Del Pino-Casado R, Fr\u00edas-Osuna A, Palomino-Moral P\u00c1, Pancorbo-Hidalgo PL. Coping and subjective burden in caregivers of older relatives: a quantitative systematic review. J Adv Nurs. 2011; 67(11): 2311-2322.<br \/>\nEnlace a resumen\/texto completo:<br \/>\n<a href=\"http:\/\/onlinelibrary.wiley.com\/doi\/10.1111\/j.1365-2648.2011.05725.x\/pdf\" target=\"_blank\" rel=\"noopener noreferrer\">http:\/\/onlinelibrary.wiley.com\/doi\/10.1111\/j.1365-2648.2011.05725.x\/pdf<\/a><\/p>\n<p>Del Pino-Casado R, Fr\u00edas-Osuna A, Palomino-Moral PA. Subjective burden and cultural motives for caregiving in informal caregivers of older people. J Nurs Scholarsh. 2011; 43(3): 282-291.<br \/>\nEnlace a resumen\/texto completo:<br \/>\n<a href=\"http:\/\/onlinelibrary.wiley.com\/doi\/10.1111\/j.1547-5069.2011.01407.x\/pdf\" target=\"_blank\" rel=\"noopener noreferrer\">http:\/\/onlinelibrary.wiley.com\/doi\/10.1111\/j.1547-5069.2011.01407.x\/pdf<\/a><\/p>\n<p style=\"text-align: center;\"><span style=\"color: #ff0000;\">2010<\/span><\/p>\n<p>del-Pino-Casado R, Fr\u00edas-Osuna A, Palomino-Moral P\u00c1, Mill\u00e1n-Cobo MD. Diferencias de g\u00e9nero en la sobrecarga e implicaci\u00f3n en el cuidado familiar de mayores dependientes. Revista iberoamericana de enfermer\u00eda comunitaria. 2010; 3(2): 76-82.<br \/>\nEnlace a resumen\/texto completo:<br \/>\n<a href=\"http:\/\/enfermeriacomunitaria.org\/web\/ridec\/58-ridec-2010-volumen-3-numero-2\/21-ridec-2010-volumen-3-numero-2.html?start=2\" target=\"_blank\" rel=\"noopener noreferrer\">http:\/\/enfermeriacomunitaria.org\/web\/ridec\/58-ridec-2010-volumen-3-numero-2\/21-ridec-2010-volumen-3-numero-2.html?start=2<\/a><\/p>\n<p style=\"text-align: center;\"><span style=\"color: #ff0000;\">2009<\/span><\/p>\n<p>Candela-G\u00f3mez C, Ramos-Morcillo AJ, Gonz\u00e1lez-Cruz IM, Sola-Reche MD. Revisi\u00f3n de autocuidados para personas con ictus y sus cuidadores. [Review of selfcare for people suffering from stroke and their caregivers]. Evidentia. 2009; 6(26): 1-13.<br \/>\nEnlace a resumen\/texto completo:<br \/>\n<a href=\"http:\/\/www.index-f.com\/evidentia\/n26\/ev6933.php\" target=\"_blank\" rel=\"noopener noreferrer\">http:\/\/www.index-f.com\/evidentia\/n26\/ev6933.php<\/a><\/p>\n<p>Garc\u00eda-Fern\u00e1ndez FP, Carrascosa-Garc\u00eda MI, Rodr\u00edguez-Torres MC, Gila-Selas C, Laguna-Parra JM, Cruz-Lend\u00ednez AJ. Influencia de las enfermeras gestoras de casos hospitalaria sobre la preparaci\u00f3n de las cuidadoras para asumir el cuidado domiciliario. [Nursing Case Management of caregiver emotional health at hospital setting and its influence on caregivers decision to take care at home]. Gerokomos. 2009; 20(4): 152-158.<br \/>\nEnlace a resumen\/texto completo:<br \/>\n<a href=\"http:\/\/scielo.isciii.es\/pdf\/geroko\/v20n4\/comunicacion1.pdf\" target=\"_blank\" rel=\"noopener noreferrer\">http:\/\/scielo.isciii.es\/pdf\/geroko\/v20n4\/comunicacion1.pdf<\/a><\/p>\n<p>del-Pino-Casado R, Fr\u00edas-Osuna A, Palomino-Moral P\u00c1. An\u00e1lisis de las (des)igualdades de g\u00e9nero en salud y calidad de vida en el cuidado informal. [Analysis of gender (in)equalities in health and quality of life in informal caregivers]. Gac Sanit. 2009; 23(6): 565-566.<br \/>\nEnlace a resumen\/texto completo:<br \/>\n<a href=\"http:\/\/scielo.isciii.es\/scielo.php?pid=S0213-91112009000600019&amp;script=sci_arttext\" target=\"_blank\" rel=\"noopener noreferrer\">http:\/\/scielo.isciii.es\/scielo.php?pid=S0213-91112009000600019&amp;script=sci_arttext<\/a><\/p>\n<p style=\"text-align: center;\"><span style=\"color: #ff0000;\">2002<\/span><\/p>\n<p>Prieto-Rodr\u00edguez M\u00c1, Gil-Garc\u00eda ME, Heierle-Valero C, Fr\u00edas-Osuna A. la perspectiva de los cuidadores informales sobre la atenci\u00f3n domiciliaria. Un estudio cualitativo con ayuda de un programa inform\u00e1tico. [The Perspective of Non-Institutional Caregivers Regarding Home Care in Andalussia. A Computer-Aided Qualitative Study].Rev. Esp. Salud Publica. 2002; 76(5): 613-625.<br \/>\nEnlace a resumen\/texto completo:<br \/>\n<a href=\"http:\/\/www.scielosp.org\/scielo.php?pid=S1135-57272002000500021&amp;script=sci_arttext\" target=\"_blank\" rel=\"noopener noreferrer\">http:\/\/www.scielosp.org\/scielo.php?pid=S1135-57272002000500021&amp;script=sci_arttext<\/a><\/p>\n<p style=\"text-align: center;\"><span style=\"color: #ff0000;\">2001<\/span><\/p>\n<p>Fr\u00edas-Osuna A, Pulido-Soto A. Cuidadores familiares de pacientes en el domicilio. [Family caretakers of patients at home]. Index Enferm. 2001; 34: 27-32.<br \/>\nEnlace a resumen\/texto completo:<br \/>\n<a href=\"http:\/\/www.index-f.com\/index-enfermeria\/34revista\/r34_articulo_27-32.php\" target=\"_blank\" rel=\"noopener noreferrer\">http:\/\/www.index-f.com\/index-enfermeria\/34revista\/r34_articulo_27-32.php<\/a><\/p>\n","protected":false},"featured_media":0,"parent":0,"menu_order":198,"template":"","portfolio_cats":[284],"class_list":["post-427","portfolio","type-portfolio","status-publish","hentry","portfolio_cats-articles-in-journals"],"acf":[],"_links":{"self":[{"href":"https:\/\/cuidsalud.com\/en\/wp-json\/wp\/v2\/portfolio\/427","targetHints":{"allow":["GET"]}}],"collection":[{"href":"https:\/\/cuidsalud.com\/en\/wp-json\/wp\/v2\/portfolio"}],"about":[{"href":"https:\/\/cuidsalud.com\/en\/wp-json\/wp\/v2\/types\/portfolio"}],"version-history":[{"count":0,"href":"https:\/\/cuidsalud.com\/en\/wp-json\/wp\/v2\/portfolio\/427\/revisions"}],"wp:attachment":[{"href":"https:\/\/cuidsalud.com\/en\/wp-json\/wp\/v2\/media?parent=427"}],"wp:term":[{"taxonomy":"portfolio_cats","embeddable":true,"href":"https:\/\/cuidsalud.com\/en\/wp-json\/wp\/v2\/portfolio_cats?post=427"}],"curies":[{"name":"wp","href":"https:\/\/api.w.org\/{rel}","templated":true}]}}