{"id":779,"date":"2015-01-17T11:23:21","date_gmt":"2015-01-17T10:23:21","guid":{"rendered":"http:\/\/cuidsalud.com\/cuidsalud\/congresos-salud-en-la-comunidad-2\/"},"modified":"2020-09-28T08:49:54","modified_gmt":"2020-09-28T06:49:54","slug":"congresos-salud-en-la-comunidad","status":"publish","type":"portfolio","link":"https:\/\/cuidsalud.com\/en\/portfolio\/congresos-salud-en-la-comunidad\/","title":{"rendered":"Salud en la comunidad"},"content":{"rendered":"<p style=\"text-align: center;\"><span style=\"color: #ff0000;\">2018<\/span><\/p>\n<p>Sanz Martos S, Campa\u00f1a Santiago M, Clavijo Chamorro MZ. Efectividad de la realizaci\u00f3n de taich\u00ed en la enfermedad de parkinson [Effectiveness of Tai Chi performance in Parkinson&#8217;s disease]. IV Congreso Internacional en Contextos Cl\u00ednicos y de la Salud. Murcia, 8-9 de marzo de 2018.<\/p>\n<p>Serradilla Fern\u00e1ndez A, Clavijo Chamorro MZ, G\u00f3mez Luque A. Car\u00e1cter en la alimentaci\u00f3n [Character in the diet]. XXII Jornadas de Nutrici\u00f3n Pr\u00e1ctica y XII Congreso Internacional de Nutrici\u00f3n, Alimentaci\u00f3n y Diet\u00e9tica. Madrid, 11-12 de abril de 2018.<\/p>\n<p>Clavijo Chamorro MZ, Quesada L\u00f3pez O, Rodr\u00edguez Garc\u00eda M, Ram\u00edrez Garc\u00eda A, G\u00f3mez Luque A. El agua de olivo, como fuente de promoci\u00f3n sanitaria en la educaci\u00f3n para la salud en enfermer\u00eda: revisi\u00f3n y comercializaci\u00f3n [Olive water, as a source of health promotion in health education in nursing: review and marketing]. II Congreso Internacional de Investigaci\u00f3n Multidisciplinar en Salud. Universidad de Ja\u00e9n, 9-10 de abril de 2018.<\/p>\n<p>G\u00f3mez Luque A, Alcal\u00e1 Cerrillo M, Amado Merch\u00e1n D, Amado Merch\u00e1n A, Clavijo Chamorro MZ. Estimulaci\u00f3n cognitiva en personas con deterioro cognitivo leve-moderado [Cognitive stimulation in people with mild-moderate cognitive impairment]. II Congreso Internacional de Investigaci\u00f3n Multidisciplinar en Salud. Universidad de Ja\u00e9n, 9-10 de abril de 2018.<\/p>\n<p style=\"text-align: center;\"><span style=\"color: #ff0000;\">2017<\/span><\/p>\n<p>Serradilla Fern\u00e1ndez A, Clavijo Chamorro MZ, G\u00f3mez Luque A. \u00bfAfecta la soledad a la salud mental? [Does loneliness affect mental health?] 3er. Encuentro Extreme\u00f1o de Enfermeras de Salud Mental. Asociaci\u00f3n Espa\u00f1ola de Enfermer\u00eda de Salud Mental. Colegia de Enfermer\u00eda de C\u00e1ceres, 12 de diciembre de 2017.<\/p>\n<p>Panea Pizarro I, G\u00f3mez Luque A, L\u00f3pez Espuela F, Martos S\u00e1nchez A, Clavijo Chamorro MZ. Programa de atenci\u00f3n integral al enfermo mental (PAIEM) en un centro penitenciario mediante la acci\u00f3n participativa de usuarios internos [Comprehensive care programme for the mentally ill (PAIEM) in a penitentiary centre through the participatory action of internal users]. V Encuentro de Enfermer\u00eda de Salud Mental de Andaluc\u00eda. Asociaci\u00f3n Espa\u00f1ola de Enfermer\u00eda de Salud Mental. Complejo Universitario de Granada, 16 de noviembre de 2017.<\/p>\n<p>Chiquero Valenzuela S, L\u00f3pez Franco MD, Garrido Miranda JM. Caso cl\u00ednico: extracci\u00f3n de quiste infundibular en cirug\u00eda ambulatoria [Extraction of infundibular cyst in ambulatory surgery]. I Congreso Internacional de investigaci\u00f3n y cuidados en Enfermer\u00eda. AICIByS. Universidad de Granada, 13-15 de octubre de 2017.<\/p>\n<p>Chiquero Valenzuela S, L\u00f3pez Franco MD, Garrido Miranda JM. Control de los errores de medicaci\u00f3n: prioridad en la seguridad de pacientes asistidos en servicios de emergencias [Managing Medication Errors: Priority in the Safety of Patients Assisted in Emergency Departments]. I Congreso Internacional de investigaci\u00f3n y cuidados en Enfermer\u00eda. AICIByS. Universidad de Granada, 13-15 de octubre de 2017.<\/p>\n<p>L\u00f3pez Franco MD, Garrido Miranda JM. Identificaci\u00f3n de errores en la administraci\u00f3n de medicamentos en atenci\u00f3n de urgencias de adulto [Identification of errors in medication administration in adult emergency care]. III Congreso Internacional Virtual de Enfermer\u00eda de Urgencias y Emergencias. Virtual, 14-17 de noviembre de 2017.<\/p>\n<p>G\u00f3mez Luque A, Casta\u00f1o Blanco MY, Cordovilla Guardia S, Franco Antonio C, Clavijo Chamorro MZ, L\u00f3pez Espuela F. Barreras de acceso del inmigrante al sistema sanitario espa\u00f1ol [Barriers to immigrant access to the Spanish health system]. II Jornadas Internacionales de Investigaci\u00f3n e Innovaci\u00f3n en Ciencias de la Salud. \u201cDe la evidencia a la producci\u00f3n cient\u00edfica\u201d. Universidad de Sevilla, 6 de octubre de 2017.<\/p>\n<p style=\"text-align: center;\"><span style=\"color: #ff0000;\">2016<\/span><\/p>\n<p>Serrano-Ortega, Natalia . Estilos de vida e Hipertensi\u00f3n arterial. Educaci\u00f3n Sanitaria en Atenci\u00f3n Primaria. III Congreso Internacional Virtual Ibero Americano de Enfermer\u00eda. 2016. Virtual.<\/p>\n<p>Serrano-Ortega, Natalia El proceso de la terap\u00e9utica razonada en la atenci\u00f3n de los cuidados. III Congreso Internacional Virtual Ibero Americano de Enfermer\u00eda. 8-15 Marzo 2016.<\/p>\n<p>Serrano-Ortega, Natalia. Diabetes en el colegio \u00bfQui\u00e9n me cuida?. Congreso Internacional Virtual de enfermer\u00eda familiar y comunitaria. Virtual 2016.<\/p>\n<p>Serrano-Ortega, Natalia. La importancia de la enfermera en la detecci\u00f3n de trastornos y su asesoramiento. IV Congreso Internacional Virtual Iberoamericano de Enfermer\u00eda.Funciden. Aula Virtual de Funciden. 2017<\/p>\n<p>Calero-Garc\u00eda MJ, Grande-Gasc\u00f3n ML, Linares-Abad M. An\u00e1lisis de la percepci\u00f3n de la poblaci\u00f3n saharaui sobre la cooperaci\u00f3n para el desarrollo implementada en los campamentos de refugiados. [Analysis of the Saharan population perception about cooperation for development in refugee camps]. Comunicaci\u00f3n en congreso. 7TH International Conference on Intercultural Education. Almer\u00eda, Espa\u00f1a, Junio 2016.<\/p>\n<p>Oliveros-Valenzuela R, Moral-Guti\u00e9rrez I, D\u00edaz-Meco-Ni\u00f1o A, Calero-Garc\u00eda MJ, Mart\u00ednez-Linares JM, Linares-Abad M. Creencias limitantes y abordaje intercultural en la toma de decisiones cl\u00ednicas. Descripci\u00f3n de un caso. [Limiting beliefs and intercultural approach in clinical decision making . Description of a case]. Comunicaci\u00f3n en congreso. 7TH International Conference on Intercultural Education. Almer\u00eda, Espa\u00f1a, Junio 2016.<\/p>\n<p>Campos-Calero A, Sola-Garc\u00eda M, Linares-Abad M, D\u00edaz-Meco-Ni\u00f1o A. Estudio de prevalencia de diabetes mellitus en los campamentos de refugiados saharauis. [Study of prevalence of diabetes mellitus in the Saharawi refugee camps]. Comunicaci\u00f3n en congreso. 7TH International Conference on Intercultural Education. Almer\u00eda, Espa\u00f1a, Junio 2016.<\/p>\n<p style=\"text-align: center;\"><span style=\"color: #ff0000;\">2015<\/span><\/p>\n<p>Jim\u00e9nez Gallego JJ, B\u00e9jar L\u00f3pez AI, Mu\u00f1oz Ballesta JA, Palaz\u00f3n Candel N, Ramos-Morcillo AJ. Fibromialgia, ansiedad y depresi\u00f3n.\u00a0Comunicaci\u00f3n a P\u00f3ster. I Congreso nacional de j\u00f3venes investigadores en enfermer\u00eda. Murcia 24-25 Junio 2015.<\/p>\n","protected":false},"featured_media":0,"parent":0,"menu_order":56,"template":"","portfolio_cats":[294],"class_list":["post-779","portfolio","type-portfolio","status-publish","hentry","portfolio_cats-conferences-en"],"acf":[],"_links":{"self":[{"href":"https:\/\/cuidsalud.com\/en\/wp-json\/wp\/v2\/portfolio\/779","targetHints":{"allow":["GET"]}}],"collection":[{"href":"https:\/\/cuidsalud.com\/en\/wp-json\/wp\/v2\/portfolio"}],"about":[{"href":"https:\/\/cuidsalud.com\/en\/wp-json\/wp\/v2\/types\/portfolio"}],"version-history":[{"count":0,"href":"https:\/\/cuidsalud.com\/en\/wp-json\/wp\/v2\/portfolio\/779\/revisions"}],"wp:attachment":[{"href":"https:\/\/cuidsalud.com\/en\/wp-json\/wp\/v2\/media?parent=779"}],"wp:term":[{"taxonomy":"portfolio_cats","embeddable":true,"href":"https:\/\/cuidsalud.com\/en\/wp-json\/wp\/v2\/portfolio_cats?post=779"}],"curies":[{"name":"wp","href":"https:\/\/api.w.org\/{rel}","templated":true}]}}